{"id":52059,"date":"2015-10-07T23:51:03","date_gmt":"2015-10-07T23:51:03","guid":{"rendered":"https:\/\/new.ilmoliulampar.is\/product\/lemon-2\/"},"modified":"2024-07-10T17:45:57","modified_gmt":"2024-07-10T17:45:57","slug":"lemon-2","status":"publish","type":"product","link":"https:\/\/ilmoliulampar.is\/en_gb\/product\/lemon-2\/","title":{"rendered":"LEMON"},"content":{"rendered":"","protected":false},"excerpt":{"rendered":"<p>LEMON &#8211; Ilmkjarnaol\u00eda<br \/>\nVirkni: Mj\u00f6g bakter\u00edu- og v\u00edrusdrepandi, afar g\u00f3\u00f0 fyrir h\u00f6fu\u00f0, g\u00f3\u00f0 gegn sveppum. \u00d6rvar og styrkir flest kerfi l\u00edkamans.<br \/>\nMj\u00f6g g\u00f3\u00f0 \u00ed ilmol\u00edulampann vi\u00f0 \u00f6ndunarf\u00e6ras\u00fdkingum, er sl\u00edmlosandi. Virkar mj\u00f6g vel \u00e1 kvef , asma og sl\u00edmh\u00fa\u00f0arb\u00f3lgur.<span class=\"text_exposed_show\"><br \/>\nLemon er g\u00f3\u00f0 vi\u00f0 munnangri, uppk\u00f6stum, jafnar s\u00fdrumyndun, er s\u00f3tthreinsandi.<br \/>\n\u00d6rvar og styrkir \u00f3n\u00e6miskerfi\u00f0.<br \/>\nLemon er g\u00f3\u00f0ur h\u00fa\u00f0hreinsir og er notu\u00f0 \u00e1 b\u00f3lur, frunsur, v\u00f6rtur og l\u00edk\u00feorn. \u00d6rvar bl\u00f3\u00f0fl\u00e6\u00f0i \u00ed efstu l\u00f6gum h\u00fa\u00f0ar og l\u00edfgar upp \u00e1 l\u00edflausa og \u00fereytta h\u00fa\u00f0. Gefur h\u00e1ri glj\u00e1a og \u00f6rvar v\u00f6xt.<br \/>\nRosa gott a\u00f0 blanda saman Lemon og Eucalyptus, \u00fea\u00f0 er svakalega g\u00f3\u00f0 blanda vi\u00f0 kvefi.<br \/>\nL\u00edka gott a\u00f0 setja nokkra dropa af Lemon \u00fat \u00ed vatn \u00ed \u00fa\u00f0abr\u00fasa og spreyja a\u00f0eins um h\u00fasi\u00f0.<br \/>\n\u00dea\u00f0 er \u00f3tr\u00falega \u00fe\u00e6gilegt eftir r\u00e6ktina a\u00f0 vera me\u00f0 lemon \u00fat\u00ed vatni \u00ed \u00fa\u00f0abr\u00fasa og spreyja yfir sig &#8211; PR\u00d3FA\u00d0U.<br \/>\nAnna\u00f0: Lemon hreinsar andr\u00famslofti\u00f0 og er g\u00f3\u00f0 skord\u00fdraf\u00e6la. G\u00f3\u00f0 fyrir l\u00e9legar neglur. Ol\u00edan er afar hreinsandi og miki\u00f0 notu\u00f0 vi\u00f0 matarger\u00f0 og sem me\u00f0alaol\u00eda. Miki\u00f0 notu\u00f0 sem ilmefni \u00ed s\u00e1pur, \u00fevottaefni, krem, ilmv\u00f6tn og fleira.<br \/>\nVissir \u00fe\u00fa a\u00f0 LEMON ilmkjarnaol\u00edan f\u00e6lir flugur \u00ed burtu.<br \/>\nSkelltu LEMON \u00ed ilmol\u00edulampann \u00feinn ef flugurnar eru a\u00f0 angra \u00feig.<\/span><\/p>","protected":false},"featured_media":39349,"comment_status":"open","ping_status":"open","template":"","meta":[],"product_brand":[],"product_cat":[224,108],"product_tag":[],"class_list":{"0":"post-52059","1":"product","2":"type-product","3":"status-publish","4":"has-post-thumbnail","6":"product_cat-ilmkjarnaoliur-oliur","7":"product_cat-oliur","9":"first","10":"instock","11":"shipping-taxable","12":"purchasable","13":"product-type-simple"},"_links":{"self":[{"href":"https:\/\/ilmoliulampar.is\/en_gb\/wp-json\/wp\/v2\/product\/52059","targetHints":{"allow":["GET"]}}],"collection":[{"href":"https:\/\/ilmoliulampar.is\/en_gb\/wp-json\/wp\/v2\/product"}],"about":[{"href":"https:\/\/ilmoliulampar.is\/en_gb\/wp-json\/wp\/v2\/types\/product"}],"replies":[{"embeddable":true,"href":"https:\/\/ilmoliulampar.is\/en_gb\/wp-json\/wp\/v2\/comments?post=52059"}],"wp:featuredmedia":[{"embeddable":true,"href":"https:\/\/ilmoliulampar.is\/en_gb\/wp-json\/wp\/v2\/media\/39349"}],"wp:attachment":[{"href":"https:\/\/ilmoliulampar.is\/en_gb\/wp-json\/wp\/v2\/media?parent=52059"}],"wp:term":[{"taxonomy":"product_brand","embeddable":true,"href":"https:\/\/ilmoliulampar.is\/en_gb\/wp-json\/wp\/v2\/product_brand?post=52059"},{"taxonomy":"product_cat","embeddable":true,"href":"https:\/\/ilmoliulampar.is\/en_gb\/wp-json\/wp\/v2\/product_cat?post=52059"},{"taxonomy":"product_tag","embeddable":true,"href":"https:\/\/ilmoliulampar.is\/en_gb\/wp-json\/wp\/v2\/product_tag?post=52059"}],"curies":[{"name":"wp","href":"https:\/\/api.w.org\/{rel}","templated":true}]}}