{"id":53189,"date":"2022-05-03T14:59:32","date_gmt":"2022-05-03T14:59:32","guid":{"rendered":"https:\/\/new.ilmoliulampar.is\/product\/eldvarnarteppi-svart-12-x-12-m\/"},"modified":"2025-12-15T18:38:48","modified_gmt":"2025-12-15T18:38:48","slug":"eldvarnarteppi-svart-12-x-12-m","status":"publish","type":"product","link":"https:\/\/ilmoliulampar.is\/en_gb\/product\/eldvarnarteppi-svart-12-x-12-m\/","title":{"rendered":"Eldvarnarteppi |\u00a0Svart 1,2 x 1,2 m"},"content":{"rendered":"","protected":false},"excerpt":{"rendered":"<p>M\u00e6lt er me\u00f0 eldvarnarteppinu sem vi\u00f0b\u00f3t vi\u00f0 sl\u00f6kkvit\u00e6ki \u00e1 \u00f6llum heimilum.\u00a0Settu eldvarnarteppi\u00f0 eins mi\u00f0l\u00e6gt og h\u00e6gt er \u00e1 heimilinu \u00fear sem au\u00f0velt er a\u00f0 komast a\u00f0 \u00fev\u00ed hvar sem \u00fe\u00fa ert.<\/p>\n<p>&nbsp;<\/p>\n<p><strong>St\u00e6r\u00f0 \u00e1 teppi:<\/strong> 120 x 120 cm<br \/>\n<strong>Umhir\u00f0ulei\u00f0beiningar:<\/strong> Farga skal teppinu eftir notkun<br \/>\n<strong>Litur:<\/strong> Svartur &#8211; mattur<\/p>\n<p>&nbsp;<\/p>","protected":false},"featured_media":44085,"comment_status":"closed","ping_status":"closed","template":"","meta":[],"product_brand":[],"product_cat":[220],"product_tag":[],"class_list":{"0":"post-53189","1":"product","2":"type-product","3":"status-publish","4":"has-post-thumbnail","6":"product_cat-solstickan-designeldvarnarvorur-2","8":"first","9":"instock","10":"shipping-taxable","11":"purchasable","12":"product-type-simple"},"_links":{"self":[{"href":"https:\/\/ilmoliulampar.is\/en_gb\/wp-json\/wp\/v2\/product\/53189","targetHints":{"allow":["GET"]}}],"collection":[{"href":"https:\/\/ilmoliulampar.is\/en_gb\/wp-json\/wp\/v2\/product"}],"about":[{"href":"https:\/\/ilmoliulampar.is\/en_gb\/wp-json\/wp\/v2\/types\/product"}],"replies":[{"embeddable":true,"href":"https:\/\/ilmoliulampar.is\/en_gb\/wp-json\/wp\/v2\/comments?post=53189"}],"wp:featuredmedia":[{"embeddable":true,"href":"https:\/\/ilmoliulampar.is\/en_gb\/wp-json\/wp\/v2\/media\/44085"}],"wp:attachment":[{"href":"https:\/\/ilmoliulampar.is\/en_gb\/wp-json\/wp\/v2\/media?parent=53189"}],"wp:term":[{"taxonomy":"product_brand","embeddable":true,"href":"https:\/\/ilmoliulampar.is\/en_gb\/wp-json\/wp\/v2\/product_brand?post=53189"},{"taxonomy":"product_cat","embeddable":true,"href":"https:\/\/ilmoliulampar.is\/en_gb\/wp-json\/wp\/v2\/product_cat?post=53189"},{"taxonomy":"product_tag","embeddable":true,"href":"https:\/\/ilmoliulampar.is\/en_gb\/wp-json\/wp\/v2\/product_tag?post=53189"}],"curies":[{"name":"wp","href":"https:\/\/api.w.org\/{rel}","templated":true}]}}