{"id":53347,"date":"2022-11-04T16:38:34","date_gmt":"2022-11-04T16:38:34","guid":{"rendered":"https:\/\/new.ilmoliulampar.is\/product\/eldvarnartaeki-hvitt-6kg\/"},"modified":"2023-03-24T00:23:39","modified_gmt":"2023-03-24T00:23:39","slug":"eldvarnartaeki-hvitt-6kg","status":"publish","type":"product","link":"https:\/\/ilmoliulampar.is\/en_gb\/product\/eldvarnartaeki-hvitt-6kg\/","title":{"rendered":"Eldvarnart\u00e6ki | Hv\u00edtt, 6kg"},"content":{"rendered":"","protected":false},"excerpt":{"rendered":"<div id=\"-product-description-22-184\" class=\"oxy-product-description margin-top--m margin-bottom--m oxy-woo-element\">\n<p>6 kg duft-t\u00e6ki\u00f0 fr\u00e1 Solstickan er okkar \u00f6flugasta eldvarnart\u00e6ki sem uppfyllir h\u00e6stu sl\u00f6kkvi \u00e1hrif \u00e1 marka\u00f0num \u00ed dag.<\/p>\n<p>Ef slys \u00e1 s\u00e9r sta\u00f0 getur eldvarnart\u00e6ki spila\u00f0 lykilhlutverk \u00ed a\u00f0 minnka e\u00f0a draga algj\u00f6rlega \u00far \u00feeim brunaska\u00f0a sem eldsvo\u00f0inn getur valdi\u00f0. Me\u00f0 6 kg duft-t\u00e6kinu okkar fj\u00e1rfestir \u00fe\u00fa \u00ed \u00fev\u00ed besta af \u00fev\u00ed besta.<\/p>\n<p>Eldvarnart\u00e6kinu skal komi\u00f0 fyrir me\u00f0 me\u00f0fylgjandi veggfestingu \u00e1 vel s\u00fdnilegum sta\u00f0, helst vi\u00f0 innganga e\u00f0a stiga, svo h\u00e6gt s\u00e9 a\u00f0 n\u00e1lgast \u00fea\u00f0 flj\u00f3tt og au\u00f0veldlega ef \u00fe\u00f6rf er \u00e1. \u00c1 st\u00f3rum heimilum getur veri\u00f0 gott a\u00f0 vera me\u00f0 6 kg duft-t\u00e6ki \u00e1 hverri h\u00e6\u00f0. Mikilv\u00e6gt er a\u00f0 hafa einnig virka reykskynjara og eldvarnarteppi \u00ed h\u00fasinu til a\u00f0 vera vel \u00ed stakk b\u00fainn, ef slys ber a\u00f0 h\u00f6ndum.<\/p>\n<p>Eldvarnart\u00e6ki\u00f0 er me\u00f0 silfur \u00e1lmerki me\u00f0 upphleyptri mynd af Solsticken. Hv\u00edt veggfesting, slanga og lei\u00f0beiningar fylgja me\u00f0.<\/p>\n<p>\u00d6ryggismi\u00f0st\u00f6\u00f0in getur fyllt \u00e1 og \u00fej\u00f3nusta\u00f0 eldvarnart\u00e6ki\u00f0.<\/p>\n<p><strong>Brunaflokkur:<\/strong> ABC<br \/>\n<strong>Fyllt me\u00f0:<\/strong> Dufti<br \/>\n<strong>N\u00fdtniflokkur:<\/strong> 55A 233B C<br \/>\n<strong>Merking:<\/strong> CE merkt<br \/>\n<strong>\u00deyngdarflokkur:<\/strong> 6 kg<br \/>\n<strong>\u00deyngd:<\/strong> 10 kg<br \/>\n<strong>M\u00e1l:<\/strong> \u00d8150 x 519 mm<br \/>\n<strong>Litur:<\/strong> Hv\u00edtt<br \/>\n<strong>Innifali\u00f0:<\/strong> Veggfesting og slanga<br \/>\n<strong>Anna\u00f0:<\/strong> 5 \u00e1ra \u00e1byrg\u00f0 \u00e1 \u00fer\u00fdstingsfalli fr\u00e1 framlei\u00f0sludegi<\/p>\n<\/div>","protected":false},"featured_media":44985,"comment_status":"closed","ping_status":"open","template":"","meta":[],"product_brand":[],"product_cat":[220],"product_tag":[],"class_list":{"0":"post-53347","1":"product","2":"type-product","3":"status-publish","4":"has-post-thumbnail","6":"product_cat-solstickan-designeldvarnarvorur-2","8":"first","9":"instock","10":"shipping-taxable","11":"purchasable","12":"product-type-simple"},"_links":{"self":[{"href":"https:\/\/ilmoliulampar.is\/en_gb\/wp-json\/wp\/v2\/product\/53347","targetHints":{"allow":["GET"]}}],"collection":[{"href":"https:\/\/ilmoliulampar.is\/en_gb\/wp-json\/wp\/v2\/product"}],"about":[{"href":"https:\/\/ilmoliulampar.is\/en_gb\/wp-json\/wp\/v2\/types\/product"}],"replies":[{"embeddable":true,"href":"https:\/\/ilmoliulampar.is\/en_gb\/wp-json\/wp\/v2\/comments?post=53347"}],"wp:featuredmedia":[{"embeddable":true,"href":"https:\/\/ilmoliulampar.is\/en_gb\/wp-json\/wp\/v2\/media\/44985"}],"wp:attachment":[{"href":"https:\/\/ilmoliulampar.is\/en_gb\/wp-json\/wp\/v2\/media?parent=53347"}],"wp:term":[{"taxonomy":"product_brand","embeddable":true,"href":"https:\/\/ilmoliulampar.is\/en_gb\/wp-json\/wp\/v2\/product_brand?post=53347"},{"taxonomy":"product_cat","embeddable":true,"href":"https:\/\/ilmoliulampar.is\/en_gb\/wp-json\/wp\/v2\/product_cat?post=53347"},{"taxonomy":"product_tag","embeddable":true,"href":"https:\/\/ilmoliulampar.is\/en_gb\/wp-json\/wp\/v2\/product_tag?post=53347"}],"curies":[{"name":"wp","href":"https:\/\/api.w.org\/{rel}","templated":true}]}}